{"id":982,"date":"2017-10-29T22:24:15","date_gmt":"2017-10-30T04:24:15","guid":{"rendered":"http:\/\/www.periodismoinformativo.com\/?page_id=982"},"modified":"2023-12-28T19:43:49","modified_gmt":"2023-12-29T01:43:49","slug":"ini","status":"publish","type":"page","link":"https:\/\/periodismoinformativo.com\/","title":{"rendered":"Inicio"},"content":{"rendered":"\t\t<div data-elementor-type=\"wp-post\" data-elementor-id=\"982\" class=\"elementor elementor-982\">\n\t\t\t\t\t\t<section class=\"elementor-section elementor-top-section elementor-element elementor-element-vqjysvl elementor-section-full_width elementor-section-height-default elementor-section-height-default\" data-id=\"vqjysvl\" data-element_type=\"section\" data-e-type=\"section\">\n\t\t\t\t\t\t<div class=\"elementor-container elementor-column-gap-no\">\n\t\t\t\t\t<div class=\"elementor-column elementor-col-100 elementor-top-column elementor-element elementor-element-2vy2ltc\" data-id=\"2vy2ltc\" data-element_type=\"column\" data-e-type=\"column\">\n\t\t\t<div class=\"elementor-widget-wrap elementor-element-populated\">\n\t\t\t\t\t\t<div class=\"elementor-element elementor-element-ee59747 elementor-widget elementor-widget-html\" data-id=\"ee59747\" data-element_type=\"widget\" data-e-type=\"widget\" data-widget_type=\"html.default\">\n\t\t\t\t<div class=\"elementor-widget-container\">\n\t\t\t\t\t\t\t<div class=\"wppsac-wrap wppsac-slick-slider-wrp wppsac-clearfix \" data-conf=\"{&quot;dots&quot;:&quot;true&quot;,&quot;arrows&quot;:&quot;true&quot;,&quot;autoplay&quot;:&quot;true&quot;,&quot;autoplay_interval&quot;:3000,&quot;speed&quot;:500,&quot;rtl&quot;:&quot;false&quot;,&quot;lazyload&quot;:&quot;&quot;}\">\r\n\t\t\t<div id=\"wppsac-post-slider-1\" class=\"wppsac-post-slider-init wppsac-post-slider design-2\">\r\n\t\t\t\t<div class=\"wppsac-post-slides\">\r\n\t<div class=\"wppsac-post-content-position\">\r\n\t\t<div class=\"wppsac-post-content-left wp-medium-6 wpcolumns\">\r\n\t\t\t<div class=\"wppsac-post-inner-content\">\r\n\t\t\t\t\t\t\t\t<div class=\"wppsac-post-categories\"><ul class=\"wppsac-post-categories-list\"><li><a href=\"https:\/\/periodismoinformativo.com\/?cat=8\">H. Ayuntamiento<\/a><\/li><\/ul><\/div>\r\n\t\t\t\t\r\n\t\t\t\t<h2 class=\"wppsac-post-title\">\r\n\t\t\t\t\t<a href=\"https:\/\/periodismoinformativo.com\/?p=31083\">JEREZ FORTALECE LA EDUCACI\u00d3N ART\u00cdSTICA CON EL ENCUENTRO CON LAS ARTES PARA PREESCOLAR<\/a>\r\n\t\t\t\t<\/h2>\r\n\r\n\t\t\t\t\t\t\t\t\t<div class=\"wppsac-post-date\">\r\n\t\t\t\t\t\t \r\n\t\t\t\t\t\t<span>By Antonio Roman<\/span>\r\n\t\t\t\t\t\t \/ 25 abril, 2026\t\t\t\t\t<\/div>\r\n\t\t\t\t\t\t\t\t<div class=\"wppsac-post-content\">\r\n\t\t\t\t\t<div class=\"wppsac-sub-content\">Jerez, Zac.- Con el objetivo de fomentar la creatividad, la cultura y el amor por las ra\u00edces desde la infancia,...<\/div>\r\n\r\n\t\t\t\t\t\t\t\t\t\t<a class=\"wppsac-readmorebtn\" href=\"https:\/\/periodismoinformativo.com\/?p=31083\">Read More<\/a>\r\n\t\t\t\t\t\t\t\t\t<\/div>\r\n\t\t\t\t\t\t\t<\/div>\r\n\t\t<\/div>\r\n\t\t<div class=\"wppsac-post-image-bg\">\r\n\t\t\t<a href=\"https:\/\/periodismoinformativo.com\/?p=31083\">\r\n\t\t\t\t\t\t\t\t<img decoding=\"async\" class=\"wppsac-post-image\"  src=\"https:\/\/periodismoinformativo.com\/wp-content\/uploads\/2026\/04\/WhatsApp-Image-2026-04-25-at-13.44.14.jpeg\" alt=\"JEREZ FORTALECE LA EDUCACI\u00d3N ART\u00cdSTICA CON EL ENCUENTRO CON LAS ARTES PARA PREESCOLAR\" \/>\r\n\t\t\t\t\t\t\t<\/a>\r\n\t\t<\/div>\r\n\t<\/div>\r\n<\/div><div class=\"wppsac-post-slides\">\r\n\t<div class=\"wppsac-post-content-position\">\r\n\t\t<div class=\"wppsac-post-content-left wp-medium-6 wpcolumns\">\r\n\t\t\t<div class=\"wppsac-post-inner-content\">\r\n\t\t\t\t\t\t\t\t<div class=\"wppsac-post-categories\"><ul class=\"wppsac-post-categories-list\"><li><a href=\"https:\/\/periodismoinformativo.com\/?cat=8\">H. Ayuntamiento<\/a><\/li><\/ul><\/div>\r\n\t\t\t\t\r\n\t\t\t\t<h2 class=\"wppsac-post-title\">\r\n\t\t\t\t\t<a href=\"https:\/\/periodismoinformativo.com\/?p=31080\">DIF DE JEREZ FESTEJA EL D\u00cdA DEL NI\u00d1O CON INFANTES DEL CRIJJ<\/a>\r\n\t\t\t\t<\/h2>\r\n\r\n\t\t\t\t\t\t\t\t\t<div class=\"wppsac-post-date\">\r\n\t\t\t\t\t\t \r\n\t\t\t\t\t\t<span>By Antonio Roman<\/span>\r\n\t\t\t\t\t\t \/ 24 abril, 2026\t\t\t\t\t<\/div>\r\n\t\t\t\t\t\t\t\t<div class=\"wppsac-post-content\">\r\n\t\t\t\t\t<div class=\"wppsac-sub-content\">En un festejo lleno de alegr\u00eda, diversi\u00f3n y actividades innovadoras, el DIF Municipal celebr\u00f3 el D\u00eda del Ni\u00f1o con peque\u00f1os...<\/div>\r\n\r\n\t\t\t\t\t\t\t\t\t\t<a class=\"wppsac-readmorebtn\" href=\"https:\/\/periodismoinformativo.com\/?p=31080\">Read More<\/a>\r\n\t\t\t\t\t\t\t\t\t<\/div>\r\n\t\t\t\t\t\t\t<\/div>\r\n\t\t<\/div>\r\n\t\t<div class=\"wppsac-post-image-bg\">\r\n\t\t\t<a href=\"https:\/\/periodismoinformativo.com\/?p=31080\">\r\n\t\t\t\t\t\t\t\t<img decoding=\"async\" class=\"wppsac-post-image\"  src=\"https:\/\/periodismoinformativo.com\/wp-content\/uploads\/2026\/04\/WhatsApp-Image-2026-04-24-at-14.03.55.jpeg\" alt=\"DIF DE JEREZ FESTEJA EL D\u00cdA DEL NI\u00d1O CON INFANTES DEL CRIJJ\" \/>\r\n\t\t\t\t\t\t\t<\/a>\r\n\t\t<\/div>\r\n\t<\/div>\r\n<\/div><div class=\"wppsac-post-slides\">\r\n\t<div class=\"wppsac-post-content-position\">\r\n\t\t<div class=\"wppsac-post-content-left wp-medium-6 wpcolumns\">\r\n\t\t\t<div class=\"wppsac-post-inner-content\">\r\n\t\t\t\t\t\t\t\t<div class=\"wppsac-post-categories\"><ul class=\"wppsac-post-categories-list\"><li><a href=\"https:\/\/periodismoinformativo.com\/?cat=8\">H. Ayuntamiento<\/a><\/li><\/ul><\/div>\r\n\t\t\t\t\r\n\t\t\t\t<h2 class=\"wppsac-post-title\">\r\n\t\t\t\t\t<a href=\"https:\/\/periodismoinformativo.com\/?p=31077\">REALIZAN VISITA ACAD\u00c9MICA AL RASTRO MUNICIPAL DE JEREZ PARA FORTALECER FORMACI\u00d3N EN INDUSTRIAS ALIMENTARIAS<\/a>\r\n\t\t\t\t<\/h2>\r\n\r\n\t\t\t\t\t\t\t\t\t<div class=\"wppsac-post-date\">\r\n\t\t\t\t\t\t \r\n\t\t\t\t\t\t<span>By Antonio Roman<\/span>\r\n\t\t\t\t\t\t \/ 24 abril, 2026\t\t\t\t\t<\/div>\r\n\t\t\t\t\t\t\t\t<div class=\"wppsac-post-content\">\r\n\t\t\t\t\t<div class=\"wppsac-sub-content\">Jerez, Zac.- El Gobierno Municipal de Jerez, en coordinaci\u00f3n con el Tecnol\u00f3gico Superior de Jerez, organiz\u00f3 la visita de alumnos...<\/div>\r\n\r\n\t\t\t\t\t\t\t\t\t\t<a class=\"wppsac-readmorebtn\" href=\"https:\/\/periodismoinformativo.com\/?p=31077\">Read More<\/a>\r\n\t\t\t\t\t\t\t\t\t<\/div>\r\n\t\t\t\t\t\t\t<\/div>\r\n\t\t<\/div>\r\n\t\t<div class=\"wppsac-post-image-bg\">\r\n\t\t\t<a href=\"https:\/\/periodismoinformativo.com\/?p=31077\">\r\n\t\t\t\t\t\t\t\t<img decoding=\"async\" class=\"wppsac-post-image\"  src=\"https:\/\/periodismoinformativo.com\/wp-content\/uploads\/2026\/04\/WhatsApp-Image-2026-04-24-at-11.55.42.jpeg\" alt=\"REALIZAN VISITA ACAD\u00c9MICA AL RASTRO MUNICIPAL DE JEREZ PARA FORTALECER FORMACI\u00d3N EN INDUSTRIAS ALIMENTARIAS\" \/>\r\n\t\t\t\t\t\t\t<\/a>\r\n\t\t<\/div>\r\n\t<\/div>\r\n<\/div><div class=\"wppsac-post-slides\">\r\n\t<div class=\"wppsac-post-content-position\">\r\n\t\t<div class=\"wppsac-post-content-left wp-medium-6 wpcolumns\">\r\n\t\t\t<div class=\"wppsac-post-inner-content\">\r\n\t\t\t\t\t\t\t\t<div class=\"wppsac-post-categories\"><ul class=\"wppsac-post-categories-list\"><li><a href=\"https:\/\/periodismoinformativo.com\/?cat=8\">H. Ayuntamiento<\/a><\/li><\/ul><\/div>\r\n\t\t\t\t\r\n\t\t\t\t<h2 class=\"wppsac-post-title\">\r\n\t\t\t\t\t<a href=\"https:\/\/periodismoinformativo.com\/?p=31074\">ORIENTADORAS DEL DIF JEREZ EN CONSTANTE CAPACITACI\u00d3N PARA EL BIENESTAR DE NI\u00d1AS Y NI\u00d1OS<\/a>\r\n\t\t\t\t<\/h2>\r\n\r\n\t\t\t\t\t\t\t\t\t<div class=\"wppsac-post-date\">\r\n\t\t\t\t\t\t \r\n\t\t\t\t\t\t<span>By Antonio Roman<\/span>\r\n\t\t\t\t\t\t \/ 23 abril, 2026\t\t\t\t\t<\/div>\r\n\t\t\t\t\t\t\t\t<div class=\"wppsac-post-content\">\r\n\t\t\t\t\t<div class=\"wppsac-sub-content\">El DIF de Jerez que dirige la presidenta honor\u00edfica Estefana Casas, mantiene en constante capacitaci\u00f3n a orientadoras de los Centros...<\/div>\r\n\r\n\t\t\t\t\t\t\t\t\t\t<a class=\"wppsac-readmorebtn\" href=\"https:\/\/periodismoinformativo.com\/?p=31074\">Read More<\/a>\r\n\t\t\t\t\t\t\t\t\t<\/div>\r\n\t\t\t\t\t\t\t<\/div>\r\n\t\t<\/div>\r\n\t\t<div class=\"wppsac-post-image-bg\">\r\n\t\t\t<a href=\"https:\/\/periodismoinformativo.com\/?p=31074\">\r\n\t\t\t\t\t\t\t\t<img decoding=\"async\" class=\"wppsac-post-image\"  src=\"https:\/\/periodismoinformativo.com\/wp-content\/uploads\/2026\/04\/WhatsApp-Image-2026-04-23-at-13.56.22.jpeg\" alt=\"ORIENTADORAS DEL DIF JEREZ EN CONSTANTE CAPACITACI\u00d3N PARA EL BIENESTAR DE NI\u00d1AS Y NI\u00d1OS\" \/>\r\n\t\t\t\t\t\t\t<\/a>\r\n\t\t<\/div>\r\n\t<\/div>\r\n<\/div><div class=\"wppsac-post-slides\">\r\n\t<div class=\"wppsac-post-content-position\">\r\n\t\t<div class=\"wppsac-post-content-left wp-medium-6 wpcolumns\">\r\n\t\t\t<div class=\"wppsac-post-inner-content\">\r\n\t\t\t\t\t\t\t\t<div class=\"wppsac-post-categories\"><ul class=\"wppsac-post-categories-list\"><li><a href=\"https:\/\/periodismoinformativo.com\/?cat=8\">H. Ayuntamiento<\/a><\/li><\/ul><\/div>\r\n\t\t\t\t\r\n\t\t\t\t<h2 class=\"wppsac-post-title\">\r\n\t\t\t\t\t<a href=\"https:\/\/periodismoinformativo.com\/?p=31071\">JEREZ AHORRA 90% Y MODERNIZA EL TR\u00c1MITE DE PASAPORTES CON SISTEMA BIOM\u00c9TRICO PROPIO<\/a>\r\n\t\t\t\t<\/h2>\r\n\r\n\t\t\t\t\t\t\t\t\t<div class=\"wppsac-post-date\">\r\n\t\t\t\t\t\t \r\n\t\t\t\t\t\t<span>By Antonio Roman<\/span>\r\n\t\t\t\t\t\t \/ 22 abril, 2026\t\t\t\t\t<\/div>\r\n\t\t\t\t\t\t\t\t<div class=\"wppsac-post-content\">\r\n\t\t\t\t\t<div class=\"wppsac-sub-content\">Con una inversi\u00f3n de 600 mil pesos y un ahorro superior a 5.4 millones de pesos, el Gobierno Municipal elimina...<\/div>\r\n\r\n\t\t\t\t\t\t\t\t\t\t<a class=\"wppsac-readmorebtn\" href=\"https:\/\/periodismoinformativo.com\/?p=31071\">Read More<\/a>\r\n\t\t\t\t\t\t\t\t\t<\/div>\r\n\t\t\t\t\t\t\t<\/div>\r\n\t\t<\/div>\r\n\t\t<div class=\"wppsac-post-image-bg\">\r\n\t\t\t<a href=\"https:\/\/periodismoinformativo.com\/?p=31071\">\r\n\t\t\t\t\t\t\t\t<img decoding=\"async\" class=\"wppsac-post-image\"  src=\"https:\/\/periodismoinformativo.com\/wp-content\/uploads\/2026\/04\/WhatsApp-Image-2026-04-22-at-12.51.33.jpeg\" alt=\"JEREZ AHORRA 90% Y MODERNIZA EL TR\u00c1MITE DE PASAPORTES CON SISTEMA BIOM\u00c9TRICO PROPIO\" \/>\r\n\t\t\t\t\t\t\t<\/a>\r\n\t\t<\/div>\r\n\t<\/div>\r\n<\/div>\t\t\t<\/div>\r\n\t\t<\/div>\r\n\t\t\t\t\t<\/div>\n\t\t\t\t<\/div>\n\t\t\t\t\t<\/div>\n\t\t<\/div>\n\t\t\t\t\t<\/div>\n\t\t<\/section>\n\t\t\t\t<section class=\"elementor-section elementor-top-section elementor-element elementor-element-9af7e89 elementor-section-boxed elementor-section-height-default elementor-section-height-default\" data-id=\"9af7e89\" data-element_type=\"section\" data-e-type=\"section\">\n\t\t\t\t\t\t<div class=\"elementor-container elementor-column-gap-default\">\n\t\t\t\t\t<div class=\"elementor-column elementor-col-100 elementor-top-column elementor-element elementor-element-923585f\" data-id=\"923585f\" data-element_type=\"column\" data-e-type=\"column\">\n\t\t\t<div class=\"elementor-widget-wrap elementor-element-populated\">\n\t\t\t\t\t\t<div class=\"elementor-element elementor-element-bc62b89 elementor-widget__width-auto elementor-widget elementor-widget-ColorMag-Posts-Block-1\" data-id=\"bc62b89\" data-element_type=\"widget\" data-e-type=\"widget\" data-widget_type=\"ColorMag-Posts-Block-1.default\">\n\t\t\t\t<div class=\"elementor-widget-container\">\n\t\t\t\t\t\n\t\t<div class=\"tg-module-block tg-module-block--style-1 tg-module-wrapper\">\n\t\t\t\n\t\t<div class=\"tg-module-title-wrap\">\n\t\t\t<h4 class=\"module-title\">\n\t\t\t\t<span>LOCALES<\/span>\n\t\t\t<\/h4>\n\t\t<\/div>\n\n\t\t\n\t\t\t<div class=\"tg-row\">\n\t\t\t\t\t\t\t\t\t<div class=\"tg-col-control\">\n\t\t\t\t\t\t<div class=\"tg_module_block\">\n\t\t\t\t\t\t\t\t\t\t\t\t\t\t\t<figure class=\"tg-module-thumb\">\n\t\t\t\t\t\t\t\t\t\t\t<a href=\"https:\/\/periodismoinformativo.com\/?p=31040\" class=\"tg-thumb-link\">\n\t\t\t<img fetchpriority=\"high\" decoding=\"async\" width=\"800\" height=\"445\" src=\"https:\/\/periodismoinformativo.com\/wp-content\/uploads\/2026\/04\/670832377_122274804902189451_6794864901004134423_n-800x445.jpg\" class=\"attachment-colormag-featured-image size-colormag-featured-image wp-post-image\" alt=\"\" \/>\t\t<\/a>\n\t\t<div class=\"tg-post-categories\"><a href=\"https:\/\/periodismoinformativo.com\/?cat=4\" class=\"tg-post-category\" rel=\"category tag\">Locales<\/a>&nbsp;<a href=\"https:\/\/periodismoinformativo.com\/?cat=12\" class=\"tg-post-category\" rel=\"category tag\">Nacionales<\/a>&nbsp;<a href=\"https:\/\/periodismoinformativo.com\/?cat=7\" class=\"tg-post-category\" rel=\"category tag\">Opini\u00f3n<\/a>&nbsp;<\/div>\t\t\t\t\t\t\t\t<\/figure>\n\t\t\t\t\t\t\t\t\n\t\t\t\t\t\t\t\t\t\t<h3 class=\"tg-module-title entry-title\">\n\t\t\t<a href=\"https:\/\/periodismoinformativo.com\/?p=31040\">Cada Quien Sus Cuates&#8230; (termin\u00f3 la feria)<\/a>\n\t\t<\/h3>\n\t\t\n\t\t<div class=\"tg-module-meta\">\n\t\t\t\n\t\t\t<span class=\"tg-post-date entry-date\">\n\t\t\t\t<a href=\"https:\/\/periodismoinformativo.com\/?p=31040\" rel=\"bookmark\"><time class=\"entry-date published updated\" datetime=\"2026-04-15T11:01:51-06:00\">15 abril, 2026<\/time><\/a>\t\t\t<\/span>\n\n\t\t\t<span class=\"tg-post-auther-name author vcard\">\n\t\t\t\t<a class=\"url fn n\" href=\"https:\/\/periodismoinformativo.com\/?author=5\">Antonio Roman<\/a>\t\t\t<\/span>\n\n\t\t\t\t\t<\/div>\n\n\t\t\n\t\t\t\t\t\t\t<div class=\"tg-expert entry-content\">\n\t\t\t\t\t\t\t\t<p>\u200bPor: Antonio Rom\u00e1n Jerez, Zacatecas; 14 de abril; Pues bien, se termin\u00f3 la Feria de la Primavera en su edici\u00f3n<\/p>\n\t\t\t\t\t\t\t<\/div>\n\t\t\t\t\t\t<\/div>\n\t\t\t\t\t<\/div>\n\t\t\t\t\t\t\n\t\t\t\t\t\t\t\t\t<div class=\"tg-col-control\">\n\t\t\t\t\t\n\t\t\t\t\t\t\t\t\t\t\t<div class=\"tg_module_block tg_module_block--list-small\">\n\t\t\t\t\t\t\t\t\t\t\t\t\t\t\t<figure class=\"tg-module-thumb\">\n\t\t\t\t\t\t\t\t\t\t\t<a href=\"https:\/\/periodismoinformativo.com\/?p=31011\" class=\"tg-thumb-link\">\n\t\t\t<img decoding=\"async\" width=\"130\" height=\"90\" src=\"https:\/\/periodismoinformativo.com\/wp-content\/uploads\/2026\/04\/668532814_122273559434189451_7697183839703538078_n-130x90.jpg\" class=\"attachment-colormag-featured-post-small size-colormag-featured-post-small wp-post-image\" alt=\"\" srcset=\"https:\/\/periodismoinformativo.com\/wp-content\/uploads\/2026\/04\/668532814_122273559434189451_7697183839703538078_n-130x90.jpg 130w, https:\/\/periodismoinformativo.com\/wp-content\/uploads\/2026\/04\/668532814_122273559434189451_7697183839703538078_n-392x272.jpg 392w, https:\/\/periodismoinformativo.com\/wp-content\/uploads\/2026\/04\/668532814_122273559434189451_7697183839703538078_n-600x417.jpg 600w\" sizes=\"(max-width: 130px) 100vw, 130px\" \/>\t\t<\/a>\n\t\t\t\t\t\t\t\t\t\t<\/figure>\n\t\t\t\t\t\t\t\n\t\t\t\t\t\t\t<div class=\"tg-module-info\">\n\t\t\t\t\t\t\t\t\t\t<h3 class=\"tg-module-title entry-title\">\n\t\t\t<a href=\"https:\/\/periodismoinformativo.com\/?p=31011\">LA ARROLLADORA EN LA EXPLANADA DE LA FERIA DE LA PRIMAVERA 2026<\/a>\n\t\t<\/h3>\n\t\t\n\t\t<div class=\"tg-module-meta\">\n\t\t\t\n\t\t\t<span class=\"tg-post-date entry-date\">\n\t\t\t\t<a href=\"https:\/\/periodismoinformativo.com\/?p=31011\" rel=\"bookmark\"><time class=\"entry-date published updated\" datetime=\"2026-04-06T14:58:39-06:00\">6 abril, 2026<\/time><\/a>\t\t\t<\/span>\n\n\t\t\t<span class=\"tg-post-auther-name author vcard\">\n\t\t\t\t<a class=\"url fn n\" href=\"https:\/\/periodismoinformativo.com\/?author=5\">Antonio Roman<\/a>\t\t\t<\/span>\n\n\t\t\t\t\t<\/div>\n\n\t\t\t\t\t\t\t\t\t<\/div>\n\t\t\t\t\t\t<\/div>\n\t\t\t\t\t\t\n\t\t\t\t\t\t\t\t\t\t\t<div class=\"tg_module_block tg_module_block--list-small\">\n\t\t\t\t\t\t\t\t\t\t\t\t\t\t\t<figure class=\"tg-module-thumb\">\n\t\t\t\t\t\t\t\t\t\t\t<a href=\"https:\/\/periodismoinformativo.com\/?p=31008\" class=\"tg-thumb-link\">\n\t\t\t<img decoding=\"async\" width=\"130\" height=\"90\" src=\"https:\/\/periodismoinformativo.com\/wp-content\/uploads\/2026\/04\/663314106_122273558948189451_3852882062369209198_n-130x90.jpg\" class=\"attachment-colormag-featured-post-small size-colormag-featured-post-small wp-post-image\" alt=\"\" srcset=\"https:\/\/periodismoinformativo.com\/wp-content\/uploads\/2026\/04\/663314106_122273558948189451_3852882062369209198_n-130x90.jpg 130w, https:\/\/periodismoinformativo.com\/wp-content\/uploads\/2026\/04\/663314106_122273558948189451_3852882062369209198_n-392x272.jpg 392w, https:\/\/periodismoinformativo.com\/wp-content\/uploads\/2026\/04\/663314106_122273558948189451_3852882062369209198_n-600x417.jpg 600w\" sizes=\"(max-width: 130px) 100vw, 130px\" \/>\t\t<\/a>\n\t\t\t\t\t\t\t\t\t\t<\/figure>\n\t\t\t\t\t\t\t\n\t\t\t\t\t\t\t<div class=\"tg-module-info\">\n\t\t\t\t\t\t\t\t\t\t<h3 class=\"tg-module-title entry-title\">\n\t\t\t<a href=\"https:\/\/periodismoinformativo.com\/?p=31008\">TRIUNFA ANTONIO GARC\u00cdA EN LA FERIA DE LA PRIMAVERA<\/a>\n\t\t<\/h3>\n\t\t\n\t\t<div class=\"tg-module-meta\">\n\t\t\t\n\t\t\t<span class=\"tg-post-date entry-date\">\n\t\t\t\t<a href=\"https:\/\/periodismoinformativo.com\/?p=31008\" rel=\"bookmark\"><time class=\"entry-date published updated\" datetime=\"2026-04-06T14:55:26-06:00\">6 abril, 2026<\/time><\/a>\t\t\t<\/span>\n\n\t\t\t<span class=\"tg-post-auther-name author vcard\">\n\t\t\t\t<a class=\"url fn n\" href=\"https:\/\/periodismoinformativo.com\/?author=5\">Antonio Roman<\/a>\t\t\t<\/span>\n\n\t\t\t\t\t<\/div>\n\n\t\t\t\t\t\t\t\t\t<\/div>\n\t\t\t\t\t\t<\/div>\n\t\t\t\t\t\t\n\t\t\t\t\t\t\t\t\t\t\t<div class=\"tg_module_block tg_module_block--list-small\">\n\t\t\t\t\t\t\t\t\t\t\t\t\t\t\t<figure class=\"tg-module-thumb\">\n\t\t\t\t\t\t\t\t\t\t\t<a href=\"https:\/\/periodismoinformativo.com\/?p=31005\" class=\"tg-thumb-link\">\n\t\t\t<img loading=\"lazy\" decoding=\"async\" width=\"130\" height=\"90\" src=\"https:\/\/periodismoinformativo.com\/wp-content\/uploads\/2026\/04\/662733625_122273541356189451_8258956970943611072_n-130x90.jpg\" class=\"attachment-colormag-featured-post-small size-colormag-featured-post-small wp-post-image\" alt=\"\" srcset=\"https:\/\/periodismoinformativo.com\/wp-content\/uploads\/2026\/04\/662733625_122273541356189451_8258956970943611072_n-130x90.jpg 130w, https:\/\/periodismoinformativo.com\/wp-content\/uploads\/2026\/04\/662733625_122273541356189451_8258956970943611072_n-392x272.jpg 392w, https:\/\/periodismoinformativo.com\/wp-content\/uploads\/2026\/04\/662733625_122273541356189451_8258956970943611072_n-600x417.jpg 600w\" sizes=\"(max-width: 130px) 100vw, 130px\" \/>\t\t<\/a>\n\t\t\t\t\t\t\t\t\t\t<\/figure>\n\t\t\t\t\t\t\t\n\t\t\t\t\t\t\t<div class=\"tg-module-info\">\n\t\t\t\t\t\t\t\t\t\t<h3 class=\"tg-module-title entry-title\">\n\t\t\t<a href=\"https:\/\/periodismoinformativo.com\/?p=31005\">EXITOSA PRIMERA CORRIDA DE FERIA DE LA PRIMAVERA 2026, &#8220;EL CHIHUAHUA&#8221; TRIUNFADOR<\/a>\n\t\t<\/h3>\n\t\t\n\t\t<div class=\"tg-module-meta\">\n\t\t\t\n\t\t\t<span class=\"tg-post-date entry-date\">\n\t\t\t\t<a href=\"https:\/\/periodismoinformativo.com\/?p=31005\" rel=\"bookmark\"><time class=\"entry-date published updated\" datetime=\"2026-04-06T14:53:39-06:00\">6 abril, 2026<\/time><\/a>\t\t\t<\/span>\n\n\t\t\t<span class=\"tg-post-auther-name author vcard\">\n\t\t\t\t<a class=\"url fn n\" href=\"https:\/\/periodismoinformativo.com\/?author=5\">Antonio Roman<\/a>\t\t\t<\/span>\n\n\t\t\t\t\t<\/div>\n\n\t\t\t\t\t\t\t\t\t<\/div>\n\t\t\t\t\t\t<\/div>\n\t\t\t\t\t\t\n\t\t\t\t\t\t\t\t\t\t\t<div class=\"tg_module_block tg_module_block--list-small\">\n\t\t\t\t\t\t\t\t\t\t\t\t\t\t\t<figure class=\"tg-module-thumb\">\n\t\t\t\t\t\t\t\t\t\t\t<a href=\"https:\/\/periodismoinformativo.com\/?p=31002\" class=\"tg-thumb-link\">\n\t\t\t<img loading=\"lazy\" decoding=\"async\" width=\"130\" height=\"90\" src=\"https:\/\/periodismoinformativo.com\/wp-content\/uploads\/2026\/04\/660462663_122273522564189451_1943614684550340086_n-130x90.jpg\" class=\"attachment-colormag-featured-post-small size-colormag-featured-post-small wp-post-image\" alt=\"\" srcset=\"https:\/\/periodismoinformativo.com\/wp-content\/uploads\/2026\/04\/660462663_122273522564189451_1943614684550340086_n-130x90.jpg 130w, https:\/\/periodismoinformativo.com\/wp-content\/uploads\/2026\/04\/660462663_122273522564189451_1943614684550340086_n-392x272.jpg 392w, https:\/\/periodismoinformativo.com\/wp-content\/uploads\/2026\/04\/660462663_122273522564189451_1943614684550340086_n-600x417.jpg 600w\" sizes=\"(max-width: 130px) 100vw, 130px\" \/>\t\t<\/a>\n\t\t\t\t\t\t\t\t\t\t<\/figure>\n\t\t\t\t\t\t\t\n\t\t\t\t\t\t\t<div class=\"tg-module-info\">\n\t\t\t\t\t\t\t\t\t\t<h3 class=\"tg-module-title entry-title\">\n\t\t\t<a href=\"https:\/\/periodismoinformativo.com\/?p=31002\">*RODRIGO URE\u00d1O INAUGURA LA EXPO GANADERA JEREZ 2026*<\/a>\n\t\t<\/h3>\n\t\t\n\t\t<div class=\"tg-module-meta\">\n\t\t\t\n\t\t\t<span class=\"tg-post-date entry-date\">\n\t\t\t\t<a href=\"https:\/\/periodismoinformativo.com\/?p=31002\" rel=\"bookmark\"><time class=\"entry-date published updated\" datetime=\"2026-04-06T14:51:30-06:00\">6 abril, 2026<\/time><\/a>\t\t\t<\/span>\n\n\t\t\t<span class=\"tg-post-auther-name author vcard\">\n\t\t\t\t<a class=\"url fn n\" href=\"https:\/\/periodismoinformativo.com\/?author=5\">Antonio Roman<\/a>\t\t\t<\/span>\n\n\t\t\t\t\t<\/div>\n\n\t\t\t\t\t\t\t\t\t<\/div>\n\t\t\t\t\t\t<\/div>\n\t\t\t\t\t\t\t\t\t\t<\/div>\n\t\t\t\t\t\t\t\t<\/div>\n\t\t<\/div>\n\n\t\t\t\t\t\t<\/div>\n\t\t\t\t<\/div>\n\t\t\t\t<div class=\"elementor-element elementor-element-00bed75 elementor-widget__width-auto elementor-widget elementor-widget-ColorMag-Posts-Block-1\" data-id=\"00bed75\" data-element_type=\"widget\" data-e-type=\"widget\" data-widget_type=\"ColorMag-Posts-Block-1.default\">\n\t\t\t\t<div class=\"elementor-widget-container\">\n\t\t\t\t\t\n\t\t<div class=\"tg-module-block tg-module-block--style-1 tg-module-wrapper\">\n\t\t\t\n\t\t<div class=\"tg-module-title-wrap\">\n\t\t\t<h4 class=\"module-title\">\n\t\t\t\t<span>H. Ayuntamiento<\/span>\n\t\t\t<\/h4>\n\t\t<\/div>\n\n\t\t\n\t\t\t<div class=\"tg-row\">\n\t\t\t\t\t\t\t\t\t<div class=\"tg-col-control\">\n\t\t\t\t\t\t<div class=\"tg_module_block\">\n\t\t\t\t\t\t\t\t\t\t\t\t\t\t\t<figure class=\"tg-module-thumb\">\n\t\t\t\t\t\t\t\t\t\t\t<a href=\"https:\/\/periodismoinformativo.com\/?p=31083\" class=\"tg-thumb-link\">\n\t\t\t<img loading=\"lazy\" decoding=\"async\" width=\"800\" height=\"445\" src=\"https:\/\/periodismoinformativo.com\/wp-content\/uploads\/2026\/04\/WhatsApp-Image-2026-04-25-at-13.44.14-800x445.jpeg\" class=\"attachment-colormag-featured-image size-colormag-featured-image wp-post-image\" alt=\"\" \/>\t\t<\/a>\n\t\t<div class=\"tg-post-categories\"><a href=\"https:\/\/periodismoinformativo.com\/?cat=8\" class=\"tg-post-category\" rel=\"category tag\">H. Ayuntamiento<\/a>&nbsp;<\/div>\t\t\t\t\t\t\t\t<\/figure>\n\t\t\t\t\t\t\t\t\n\t\t\t\t\t\t\t\t\t\t<h3 class=\"tg-module-title entry-title\">\n\t\t\t<a href=\"https:\/\/periodismoinformativo.com\/?p=31083\">JEREZ FORTALECE LA EDUCACI\u00d3N ART\u00cdSTICA CON EL ENCUENTRO CON LAS ARTES PARA PREESCOLAR<\/a>\n\t\t<\/h3>\n\t\t\n\t\t<div class=\"tg-module-meta\">\n\t\t\t\n\t\t\t<span class=\"tg-post-date entry-date\">\n\t\t\t\t<a href=\"https:\/\/periodismoinformativo.com\/?p=31083\" rel=\"bookmark\"><time class=\"entry-date published updated\" datetime=\"2026-04-25T13:53:26-06:00\">25 abril, 2026<\/time><\/a>\t\t\t<\/span>\n\n\t\t\t<span class=\"tg-post-auther-name author vcard\">\n\t\t\t\t<a class=\"url fn n\" href=\"https:\/\/periodismoinformativo.com\/?author=5\">Antonio Roman<\/a>\t\t\t<\/span>\n\n\t\t\t\t\t<\/div>\n\n\t\t\n\t\t\t\t\t\t\t<div class=\"tg-expert entry-content\">\n\t\t\t\t\t\t\t\t<p>Jerez, Zac.- Con el objetivo de fomentar la creatividad, la cultura y el amor por las ra\u00edces desde la infancia,<\/p>\n\t\t\t\t\t\t\t<\/div>\n\t\t\t\t\t\t<\/div>\n\t\t\t\t\t<\/div>\n\t\t\t\t\t\t\n\t\t\t\t\t\t\t\t\t<div class=\"tg-col-control\">\n\t\t\t\t\t\n\t\t\t\t\t\t\t\t\t\t\t<div class=\"tg_module_block tg_module_block--list-small\">\n\t\t\t\t\t\t\t\t\t\t\t\t\t\t\t<figure class=\"tg-module-thumb\">\n\t\t\t\t\t\t\t\t\t\t\t<a href=\"https:\/\/periodismoinformativo.com\/?p=31080\" class=\"tg-thumb-link\">\n\t\t\t<img loading=\"lazy\" decoding=\"async\" width=\"130\" height=\"90\" src=\"https:\/\/periodismoinformativo.com\/wp-content\/uploads\/2026\/04\/WhatsApp-Image-2026-04-24-at-14.03.55-130x90.jpeg\" class=\"attachment-colormag-featured-post-small size-colormag-featured-post-small wp-post-image\" alt=\"\" srcset=\"https:\/\/periodismoinformativo.com\/wp-content\/uploads\/2026\/04\/WhatsApp-Image-2026-04-24-at-14.03.55-130x90.jpeg 130w, https:\/\/periodismoinformativo.com\/wp-content\/uploads\/2026\/04\/WhatsApp-Image-2026-04-24-at-14.03.55-392x272.jpeg 392w, https:\/\/periodismoinformativo.com\/wp-content\/uploads\/2026\/04\/WhatsApp-Image-2026-04-24-at-14.03.55-600x417.jpeg 600w\" sizes=\"(max-width: 130px) 100vw, 130px\" \/>\t\t<\/a>\n\t\t\t\t\t\t\t\t\t\t<\/figure>\n\t\t\t\t\t\t\t\n\t\t\t\t\t\t\t<div class=\"tg-module-info\">\n\t\t\t\t\t\t\t\t\t\t<h3 class=\"tg-module-title entry-title\">\n\t\t\t<a href=\"https:\/\/periodismoinformativo.com\/?p=31080\">DIF DE JEREZ FESTEJA EL D\u00cdA DEL NI\u00d1O CON INFANTES DEL CRIJJ<\/a>\n\t\t<\/h3>\n\t\t\n\t\t<div class=\"tg-module-meta\">\n\t\t\t\n\t\t\t<span class=\"tg-post-date entry-date\">\n\t\t\t\t<a href=\"https:\/\/periodismoinformativo.com\/?p=31080\" rel=\"bookmark\"><time class=\"entry-date published updated\" datetime=\"2026-04-24T14:15:33-06:00\">24 abril, 2026<\/time><\/a>\t\t\t<\/span>\n\n\t\t\t<span class=\"tg-post-auther-name author vcard\">\n\t\t\t\t<a class=\"url fn n\" href=\"https:\/\/periodismoinformativo.com\/?author=5\">Antonio Roman<\/a>\t\t\t<\/span>\n\n\t\t\t\t\t<\/div>\n\n\t\t\t\t\t\t\t\t\t<\/div>\n\t\t\t\t\t\t<\/div>\n\t\t\t\t\t\t\n\t\t\t\t\t\t\t\t\t\t\t<div class=\"tg_module_block tg_module_block--list-small\">\n\t\t\t\t\t\t\t\t\t\t\t\t\t\t\t<figure class=\"tg-module-thumb\">\n\t\t\t\t\t\t\t\t\t\t\t<a href=\"https:\/\/periodismoinformativo.com\/?p=31077\" class=\"tg-thumb-link\">\n\t\t\t<img loading=\"lazy\" decoding=\"async\" width=\"130\" height=\"90\" src=\"https:\/\/periodismoinformativo.com\/wp-content\/uploads\/2026\/04\/WhatsApp-Image-2026-04-24-at-11.55.42-130x90.jpeg\" class=\"attachment-colormag-featured-post-small size-colormag-featured-post-small wp-post-image\" alt=\"\" srcset=\"https:\/\/periodismoinformativo.com\/wp-content\/uploads\/2026\/04\/WhatsApp-Image-2026-04-24-at-11.55.42-130x90.jpeg 130w, https:\/\/periodismoinformativo.com\/wp-content\/uploads\/2026\/04\/WhatsApp-Image-2026-04-24-at-11.55.42-392x272.jpeg 392w, https:\/\/periodismoinformativo.com\/wp-content\/uploads\/2026\/04\/WhatsApp-Image-2026-04-24-at-11.55.42-600x417.jpeg 600w\" sizes=\"(max-width: 130px) 100vw, 130px\" \/>\t\t<\/a>\n\t\t\t\t\t\t\t\t\t\t<\/figure>\n\t\t\t\t\t\t\t\n\t\t\t\t\t\t\t<div class=\"tg-module-info\">\n\t\t\t\t\t\t\t\t\t\t<h3 class=\"tg-module-title entry-title\">\n\t\t\t<a href=\"https:\/\/periodismoinformativo.com\/?p=31077\">REALIZAN VISITA ACAD\u00c9MICA AL RASTRO MUNICIPAL DE JEREZ PARA FORTALECER FORMACI\u00d3N EN INDUSTRIAS ALIMENTARIAS<\/a>\n\t\t<\/h3>\n\t\t\n\t\t<div class=\"tg-module-meta\">\n\t\t\t\n\t\t\t<span class=\"tg-post-date entry-date\">\n\t\t\t\t<a href=\"https:\/\/periodismoinformativo.com\/?p=31077\" rel=\"bookmark\"><time class=\"entry-date published updated\" datetime=\"2026-04-24T12:08:56-06:00\">24 abril, 2026<\/time><\/a>\t\t\t<\/span>\n\n\t\t\t<span class=\"tg-post-auther-name author vcard\">\n\t\t\t\t<a class=\"url fn n\" href=\"https:\/\/periodismoinformativo.com\/?author=5\">Antonio Roman<\/a>\t\t\t<\/span>\n\n\t\t\t\t\t<\/div>\n\n\t\t\t\t\t\t\t\t\t<\/div>\n\t\t\t\t\t\t<\/div>\n\t\t\t\t\t\t\n\t\t\t\t\t\t\t\t\t\t\t<div class=\"tg_module_block tg_module_block--list-small\">\n\t\t\t\t\t\t\t\t\t\t\t\t\t\t\t<figure class=\"tg-module-thumb\">\n\t\t\t\t\t\t\t\t\t\t\t<a href=\"https:\/\/periodismoinformativo.com\/?p=31074\" class=\"tg-thumb-link\">\n\t\t\t<img loading=\"lazy\" decoding=\"async\" width=\"130\" height=\"90\" src=\"https:\/\/periodismoinformativo.com\/wp-content\/uploads\/2026\/04\/WhatsApp-Image-2026-04-23-at-13.56.22-130x90.jpeg\" class=\"attachment-colormag-featured-post-small size-colormag-featured-post-small wp-post-image\" alt=\"\" srcset=\"https:\/\/periodismoinformativo.com\/wp-content\/uploads\/2026\/04\/WhatsApp-Image-2026-04-23-at-13.56.22-130x90.jpeg 130w, https:\/\/periodismoinformativo.com\/wp-content\/uploads\/2026\/04\/WhatsApp-Image-2026-04-23-at-13.56.22-392x272.jpeg 392w, https:\/\/periodismoinformativo.com\/wp-content\/uploads\/2026\/04\/WhatsApp-Image-2026-04-23-at-13.56.22-600x417.jpeg 600w\" sizes=\"(max-width: 130px) 100vw, 130px\" \/>\t\t<\/a>\n\t\t\t\t\t\t\t\t\t\t<\/figure>\n\t\t\t\t\t\t\t\n\t\t\t\t\t\t\t<div class=\"tg-module-info\">\n\t\t\t\t\t\t\t\t\t\t<h3 class=\"tg-module-title entry-title\">\n\t\t\t<a href=\"https:\/\/periodismoinformativo.com\/?p=31074\">ORIENTADORAS DEL DIF JEREZ EN CONSTANTE CAPACITACI\u00d3N PARA EL BIENESTAR DE NI\u00d1AS Y NI\u00d1OS<\/a>\n\t\t<\/h3>\n\t\t\n\t\t<div class=\"tg-module-meta\">\n\t\t\t\n\t\t\t<span class=\"tg-post-date entry-date\">\n\t\t\t\t<a href=\"https:\/\/periodismoinformativo.com\/?p=31074\" rel=\"bookmark\"><time class=\"entry-date published updated\" datetime=\"2026-04-23T14:38:40-06:00\">23 abril, 2026<\/time><\/a>\t\t\t<\/span>\n\n\t\t\t<span class=\"tg-post-auther-name author vcard\">\n\t\t\t\t<a class=\"url fn n\" href=\"https:\/\/periodismoinformativo.com\/?author=5\">Antonio Roman<\/a>\t\t\t<\/span>\n\n\t\t\t\t\t<\/div>\n\n\t\t\t\t\t\t\t\t\t<\/div>\n\t\t\t\t\t\t<\/div>\n\t\t\t\t\t\t\n\t\t\t\t\t\t\t\t\t\t\t<div class=\"tg_module_block tg_module_block--list-small\">\n\t\t\t\t\t\t\t\t\t\t\t\t\t\t\t<figure class=\"tg-module-thumb\">\n\t\t\t\t\t\t\t\t\t\t\t<a href=\"https:\/\/periodismoinformativo.com\/?p=31071\" class=\"tg-thumb-link\">\n\t\t\t<img loading=\"lazy\" decoding=\"async\" width=\"130\" height=\"90\" src=\"https:\/\/periodismoinformativo.com\/wp-content\/uploads\/2026\/04\/WhatsApp-Image-2026-04-22-at-12.51.33-130x90.jpeg\" class=\"attachment-colormag-featured-post-small size-colormag-featured-post-small wp-post-image\" alt=\"\" srcset=\"https:\/\/periodismoinformativo.com\/wp-content\/uploads\/2026\/04\/WhatsApp-Image-2026-04-22-at-12.51.33-130x90.jpeg 130w, https:\/\/periodismoinformativo.com\/wp-content\/uploads\/2026\/04\/WhatsApp-Image-2026-04-22-at-12.51.33-392x272.jpeg 392w, https:\/\/periodismoinformativo.com\/wp-content\/uploads\/2026\/04\/WhatsApp-Image-2026-04-22-at-12.51.33-600x417.jpeg 600w\" sizes=\"(max-width: 130px) 100vw, 130px\" \/>\t\t<\/a>\n\t\t\t\t\t\t\t\t\t\t<\/figure>\n\t\t\t\t\t\t\t\n\t\t\t\t\t\t\t<div class=\"tg-module-info\">\n\t\t\t\t\t\t\t\t\t\t<h3 class=\"tg-module-title entry-title\">\n\t\t\t<a href=\"https:\/\/periodismoinformativo.com\/?p=31071\">JEREZ AHORRA 90% Y MODERNIZA EL TR\u00c1MITE DE PASAPORTES CON SISTEMA BIOM\u00c9TRICO PROPIO<\/a>\n\t\t<\/h3>\n\t\t\n\t\t<div class=\"tg-module-meta\">\n\t\t\t\n\t\t\t<span class=\"tg-post-date entry-date\">\n\t\t\t\t<a href=\"https:\/\/periodismoinformativo.com\/?p=31071\" rel=\"bookmark\"><time class=\"entry-date published updated\" datetime=\"2026-04-22T12:54:04-06:00\">22 abril, 2026<\/time><\/a>\t\t\t<\/span>\n\n\t\t\t<span class=\"tg-post-auther-name author vcard\">\n\t\t\t\t<a class=\"url fn n\" href=\"https:\/\/periodismoinformativo.com\/?author=5\">Antonio Roman<\/a>\t\t\t<\/span>\n\n\t\t\t\t\t<\/div>\n\n\t\t\t\t\t\t\t\t\t<\/div>\n\t\t\t\t\t\t<\/div>\n\t\t\t\t\t\t\t\t\t\t<\/div>\n\t\t\t\t\t\t\t\t<\/div>\n\t\t<\/div>\n\n\t\t\t\t\t\t<\/div>\n\t\t\t\t<\/div>\n\t\t\t\t<div class=\"elementor-element elementor-element-325354b elementor-widget__width-auto elementor-widget elementor-widget-ColorMag-Posts-Block-1\" data-id=\"325354b\" data-element_type=\"widget\" data-e-type=\"widget\" data-widget_type=\"ColorMag-Posts-Block-1.default\">\n\t\t\t\t<div class=\"elementor-widget-container\">\n\t\t\t\t\t\n\t\t<div class=\"tg-module-block tg-module-block--style-1 tg-module-wrapper\">\n\t\t\t\n\t\t<div class=\"tg-module-title-wrap\">\n\t\t\t<h4 class=\"module-title\">\n\t\t\t\t<span>Nacionales<\/span>\n\t\t\t<\/h4>\n\t\t<\/div>\n\n\t\t\n\t\t\t<div class=\"tg-row\">\n\t\t\t\t\t\t\t\t\t<div class=\"tg-col-control\">\n\t\t\t\t\t\t<div class=\"tg_module_block\">\n\t\t\t\t\t\t\t\t\t\t\t\t\t\t\t<figure class=\"tg-module-thumb\">\n\t\t\t\t\t\t\t\t\t\t\t<a href=\"https:\/\/periodismoinformativo.com\/?p=31040\" class=\"tg-thumb-link\">\n\t\t\t<img fetchpriority=\"high\" decoding=\"async\" width=\"800\" height=\"445\" src=\"https:\/\/periodismoinformativo.com\/wp-content\/uploads\/2026\/04\/670832377_122274804902189451_6794864901004134423_n-800x445.jpg\" class=\"attachment-colormag-featured-image size-colormag-featured-image wp-post-image\" alt=\"\" \/>\t\t<\/a>\n\t\t<div class=\"tg-post-categories\"><a href=\"https:\/\/periodismoinformativo.com\/?cat=4\" class=\"tg-post-category\" rel=\"category tag\">Locales<\/a>&nbsp;<a href=\"https:\/\/periodismoinformativo.com\/?cat=12\" class=\"tg-post-category\" rel=\"category tag\">Nacionales<\/a>&nbsp;<a href=\"https:\/\/periodismoinformativo.com\/?cat=7\" class=\"tg-post-category\" rel=\"category tag\">Opini\u00f3n<\/a>&nbsp;<\/div>\t\t\t\t\t\t\t\t<\/figure>\n\t\t\t\t\t\t\t\t\n\t\t\t\t\t\t\t\t\t\t<h3 class=\"tg-module-title entry-title\">\n\t\t\t<a href=\"https:\/\/periodismoinformativo.com\/?p=31040\">Cada Quien Sus Cuates&#8230; (termin\u00f3 la feria)<\/a>\n\t\t<\/h3>\n\t\t\n\t\t<div class=\"tg-module-meta\">\n\t\t\t\n\t\t\t<span class=\"tg-post-date entry-date\">\n\t\t\t\t<a href=\"https:\/\/periodismoinformativo.com\/?p=31040\" rel=\"bookmark\"><time class=\"entry-date published updated\" datetime=\"2026-04-15T11:01:51-06:00\">15 abril, 2026<\/time><\/a>\t\t\t<\/span>\n\n\t\t\t<span class=\"tg-post-auther-name author vcard\">\n\t\t\t\t<a class=\"url fn n\" href=\"https:\/\/periodismoinformativo.com\/?author=5\">Antonio Roman<\/a>\t\t\t<\/span>\n\n\t\t\t\t\t<\/div>\n\n\t\t\n\t\t\t\t\t\t\t<div class=\"tg-expert entry-content\">\n\t\t\t\t\t\t\t\t<p>\u200bPor: Antonio Rom\u00e1n Jerez, Zacatecas; 14 de abril; Pues bien, se termin\u00f3 la Feria de la Primavera en su edici\u00f3n<\/p>\n\t\t\t\t\t\t\t<\/div>\n\t\t\t\t\t\t<\/div>\n\t\t\t\t\t<\/div>\n\t\t\t\t\t\t\n\t\t\t\t\t\t\t\t\t<div class=\"tg-col-control\">\n\t\t\t\t\t\n\t\t\t\t\t\t\t\t\t\t\t<div class=\"tg_module_block tg_module_block--list-small\">\n\t\t\t\t\t\t\t\t\t\t\t\t\t\t\t<figure class=\"tg-module-thumb\">\n\t\t\t\t\t\t\t\t\t\t\t<a href=\"https:\/\/periodismoinformativo.com\/?p=30990\" class=\"tg-thumb-link\">\n\t\t\t<img loading=\"lazy\" decoding=\"async\" width=\"130\" height=\"90\" src=\"https:\/\/periodismoinformativo.com\/wp-content\/uploads\/2026\/04\/667787609_122273365058189451_6472038866918757537_n-130x90.jpg\" class=\"attachment-colormag-featured-post-small size-colormag-featured-post-small wp-post-image\" alt=\"\" srcset=\"https:\/\/periodismoinformativo.com\/wp-content\/uploads\/2026\/04\/667787609_122273365058189451_6472038866918757537_n-130x90.jpg 130w, https:\/\/periodismoinformativo.com\/wp-content\/uploads\/2026\/04\/667787609_122273365058189451_6472038866918757537_n-392x272.jpg 392w, https:\/\/periodismoinformativo.com\/wp-content\/uploads\/2026\/04\/667787609_122273365058189451_6472038866918757537_n-600x417.jpg 600w\" sizes=\"(max-width: 130px) 100vw, 130px\" \/>\t\t<\/a>\n\t\t\t\t\t\t\t\t\t\t<\/figure>\n\t\t\t\t\t\t\t\n\t\t\t\t\t\t\t<div class=\"tg-module-info\">\n\t\t\t\t\t\t\t\t\t\t<h3 class=\"tg-module-title entry-title\">\n\t\t\t<a href=\"https:\/\/periodismoinformativo.com\/?p=30990\">PRESENTACI\u00d3N DE MARCO FLORES Y LA JEREZ<\/a>\n\t\t<\/h3>\n\t\t\n\t\t<div class=\"tg-module-meta\">\n\t\t\t\n\t\t\t<span class=\"tg-post-date entry-date\">\n\t\t\t\t<a href=\"https:\/\/periodismoinformativo.com\/?p=30990\" rel=\"bookmark\"><time class=\"entry-date published updated\" datetime=\"2026-04-06T14:18:04-06:00\">6 abril, 2026<\/time><\/a>\t\t\t<\/span>\n\n\t\t\t<span class=\"tg-post-auther-name author vcard\">\n\t\t\t\t<a class=\"url fn n\" href=\"https:\/\/periodismoinformativo.com\/?author=5\">Antonio Roman<\/a>\t\t\t<\/span>\n\n\t\t\t\t\t<\/div>\n\n\t\t\t\t\t\t\t\t\t<\/div>\n\t\t\t\t\t\t<\/div>\n\t\t\t\t\t\t\n\t\t\t\t\t\t\t\t\t\t\t<div class=\"tg_module_block tg_module_block--list-small\">\n\t\t\t\t\t\t\t\t\t\t\t\t\t\t\t<figure class=\"tg-module-thumb\">\n\t\t\t\t\t\t\t\t\t\t\t<a href=\"https:\/\/periodismoinformativo.com\/?p=30987\" class=\"tg-thumb-link\">\n\t\t\t<img loading=\"lazy\" decoding=\"async\" width=\"130\" height=\"90\" src=\"https:\/\/periodismoinformativo.com\/wp-content\/uploads\/2026\/04\/663298993_122273343140189451_7502280150305675717_n-130x90.jpg\" class=\"attachment-colormag-featured-post-small size-colormag-featured-post-small wp-post-image\" alt=\"\" srcset=\"https:\/\/periodismoinformativo.com\/wp-content\/uploads\/2026\/04\/663298993_122273343140189451_7502280150305675717_n-130x90.jpg 130w, https:\/\/periodismoinformativo.com\/wp-content\/uploads\/2026\/04\/663298993_122273343140189451_7502280150305675717_n-392x272.jpg 392w, https:\/\/periodismoinformativo.com\/wp-content\/uploads\/2026\/04\/663298993_122273343140189451_7502280150305675717_n-600x417.jpg 600w\" sizes=\"(max-width: 130px) 100vw, 130px\" \/>\t\t<\/a>\n\t\t\t\t\t\t\t\t\t\t<\/figure>\n\t\t\t\t\t\t\t\n\t\t\t\t\t\t\t<div class=\"tg-module-info\">\n\t\t\t\t\t\t\t\t\t\t<h3 class=\"tg-module-title entry-title\">\n\t\t\t<a href=\"https:\/\/periodismoinformativo.com\/?p=30987\">HIST\u00d3RICO S\u00c1BADO DE GLORIA: JEREZ DESBORDA SUS CALLES CON CASI 60 MIL ASISTENTES<\/a>\n\t\t<\/h3>\n\t\t\n\t\t<div class=\"tg-module-meta\">\n\t\t\t\n\t\t\t<span class=\"tg-post-date entry-date\">\n\t\t\t\t<a href=\"https:\/\/periodismoinformativo.com\/?p=30987\" rel=\"bookmark\"><time class=\"entry-date published updated\" datetime=\"2026-04-06T14:16:03-06:00\">6 abril, 2026<\/time><\/a>\t\t\t<\/span>\n\n\t\t\t<span class=\"tg-post-auther-name author vcard\">\n\t\t\t\t<a class=\"url fn n\" href=\"https:\/\/periodismoinformativo.com\/?author=5\">Antonio Roman<\/a>\t\t\t<\/span>\n\n\t\t\t\t\t<\/div>\n\n\t\t\t\t\t\t\t\t\t<\/div>\n\t\t\t\t\t\t<\/div>\n\t\t\t\t\t\t\n\t\t\t\t\t\t\t\t\t\t\t<div class=\"tg_module_block tg_module_block--list-small\">\n\t\t\t\t\t\t\t\t\t\t\t\t\t\t\t<figure class=\"tg-module-thumb\">\n\t\t\t\t\t\t\t\t\t\t\t<a href=\"https:\/\/periodismoinformativo.com\/?p=30816\" class=\"tg-thumb-link\">\n\t\t\t<img loading=\"lazy\" decoding=\"async\" width=\"130\" height=\"90\" src=\"https:\/\/periodismoinformativo.com\/wp-content\/uploads\/2026\/02\/amor-romance-san-valentin-enamorado-pareja-14-febrero-130x90.jpg\" class=\"attachment-colormag-featured-post-small size-colormag-featured-post-small wp-post-image\" alt=\"\" srcset=\"https:\/\/periodismoinformativo.com\/wp-content\/uploads\/2026\/02\/amor-romance-san-valentin-enamorado-pareja-14-febrero-130x90.jpg 130w, https:\/\/periodismoinformativo.com\/wp-content\/uploads\/2026\/02\/amor-romance-san-valentin-enamorado-pareja-14-febrero-392x272.jpg 392w, https:\/\/periodismoinformativo.com\/wp-content\/uploads\/2026\/02\/amor-romance-san-valentin-enamorado-pareja-14-febrero-600x417.jpg 600w\" sizes=\"(max-width: 130px) 100vw, 130px\" \/>\t\t<\/a>\n\t\t\t\t\t\t\t\t\t\t<\/figure>\n\t\t\t\t\t\t\t\n\t\t\t\t\t\t\t<div class=\"tg-module-info\">\n\t\t\t\t\t\t\t\t\t\t<h3 class=\"tg-module-title entry-title\">\n\t\t\t<a href=\"https:\/\/periodismoinformativo.com\/?p=30816\">San Valent\u00edn mover\u00e1 m\u00e1s de 6,300 mdp<\/a>\n\t\t<\/h3>\n\t\t\n\t\t<div class=\"tg-module-meta\">\n\t\t\t\n\t\t\t<span class=\"tg-post-date entry-date\">\n\t\t\t\t<a href=\"https:\/\/periodismoinformativo.com\/?p=30816\" rel=\"bookmark\"><time class=\"entry-date published updated\" datetime=\"2026-02-12T12:04:03-06:00\">12 febrero, 2026<\/time><\/a>\t\t\t<\/span>\n\n\t\t\t<span class=\"tg-post-auther-name author vcard\">\n\t\t\t\t<a class=\"url fn n\" href=\"https:\/\/periodismoinformativo.com\/?author=5\">Antonio Roman<\/a>\t\t\t<\/span>\n\n\t\t\t\t\t<\/div>\n\n\t\t\t\t\t\t\t\t\t<\/div>\n\t\t\t\t\t\t<\/div>\n\t\t\t\t\t\t\n\t\t\t\t\t\t\t\t\t\t\t<div class=\"tg_module_block tg_module_block--list-small\">\n\t\t\t\t\t\t\t\t\t\t\t\t\t\t\t<figure class=\"tg-module-thumb\">\n\t\t\t\t\t\t\t\t\t\t\t<a href=\"https:\/\/periodismoinformativo.com\/?p=30812\" class=\"tg-thumb-link\">\n\t\t\t<img loading=\"lazy\" decoding=\"async\" width=\"130\" height=\"90\" src=\"https:\/\/periodismoinformativo.com\/wp-content\/uploads\/2026\/02\/homicidios-asesinatos-onu-mexico-crimen-organizado-pax-mafiosa-violencia-08122023-130x90.jpg\" class=\"attachment-colormag-featured-post-small size-colormag-featured-post-small wp-post-image\" alt=\"\" srcset=\"https:\/\/periodismoinformativo.com\/wp-content\/uploads\/2026\/02\/homicidios-asesinatos-onu-mexico-crimen-organizado-pax-mafiosa-violencia-08122023-130x90.jpg 130w, https:\/\/periodismoinformativo.com\/wp-content\/uploads\/2026\/02\/homicidios-asesinatos-onu-mexico-crimen-organizado-pax-mafiosa-violencia-08122023-392x272.jpg 392w, https:\/\/periodismoinformativo.com\/wp-content\/uploads\/2026\/02\/homicidios-asesinatos-onu-mexico-crimen-organizado-pax-mafiosa-violencia-08122023-600x417.jpg 600w\" sizes=\"(max-width: 130px) 100vw, 130px\" \/>\t\t<\/a>\n\t\t\t\t\t\t\t\t\t\t<\/figure>\n\t\t\t\t\t\t\t\n\t\t\t\t\t\t\t<div class=\"tg-module-info\">\n\t\t\t\t\t\t\t\t\t\t<h3 class=\"tg-module-title entry-title\">\n\t\t\t<a href=\"https:\/\/periodismoinformativo.com\/?p=30812\">M\u00e9xico lidera lista de ciudades m\u00e1s violentas del mundo, seg\u00fan ONG<\/a>\n\t\t<\/h3>\n\t\t\n\t\t<div class=\"tg-module-meta\">\n\t\t\t\n\t\t\t<span class=\"tg-post-date entry-date\">\n\t\t\t\t<a href=\"https:\/\/periodismoinformativo.com\/?p=30812\" rel=\"bookmark\"><time class=\"entry-date published updated\" datetime=\"2026-02-12T11:59:10-06:00\">12 febrero, 2026<\/time><\/a>\t\t\t<\/span>\n\n\t\t\t<span class=\"tg-post-auther-name author vcard\">\n\t\t\t\t<a class=\"url fn n\" href=\"https:\/\/periodismoinformativo.com\/?author=5\">Antonio Roman<\/a>\t\t\t<\/span>\n\n\t\t\t\t\t<\/div>\n\n\t\t\t\t\t\t\t\t\t<\/div>\n\t\t\t\t\t\t<\/div>\n\t\t\t\t\t\t\t\t\t\t<\/div>\n\t\t\t\t\t\t\t\t<\/div>\n\t\t<\/div>\n\n\t\t\t\t\t\t<\/div>\n\t\t\t\t<\/div>\n\t\t\t\t<div class=\"elementor-element elementor-element-5f4f37a elementor-widget__width-auto elementor-widget elementor-widget-ColorMag-Posts-Block-1\" data-id=\"5f4f37a\" data-element_type=\"widget\" data-e-type=\"widget\" data-widget_type=\"ColorMag-Posts-Block-1.default\">\n\t\t\t\t<div class=\"elementor-widget-container\">\n\t\t\t\t\t\n\t\t<div class=\"tg-module-block tg-module-block--style-1 tg-module-wrapper\">\n\t\t\t\n\t\t<div class=\"tg-module-title-wrap\">\n\t\t\t<h4 class=\"module-title\">\n\t\t\t\t<span>Internacionales<\/span>\n\t\t\t<\/h4>\n\t\t<\/div>\n\n\t\t\n\t\t\t<div class=\"tg-row\">\n\t\t\t\t\t\t\t\t\t<div class=\"tg-col-control\">\n\t\t\t\t\t\t<div class=\"tg_module_block\">\n\t\t\t\t\t\t\t\t\t\t\t\t\t\t\t<figure class=\"tg-module-thumb\">\n\t\t\t\t\t\t\t\t\t\t\t<a href=\"https:\/\/periodismoinformativo.com\/?p=30786\" class=\"tg-thumb-link\">\n\t\t\t<img loading=\"lazy\" decoding=\"async\" width=\"800\" height=\"445\" src=\"https:\/\/periodismoinformativo.com\/wp-content\/uploads\/2026\/02\/mexico-envia-ayuda-humanitaria-cuba-sre-marina-080226-1-800x445.jpg\" class=\"attachment-colormag-featured-image size-colormag-featured-image wp-post-image\" alt=\"\" \/>\t\t<\/a>\n\t\t<div class=\"tg-post-categories\"><a href=\"https:\/\/periodismoinformativo.com\/?cat=5\" class=\"tg-post-category\" rel=\"category tag\">Internacionales<\/a>&nbsp;<a href=\"https:\/\/periodismoinformativo.com\/?cat=13\" class=\"tg-post-category\" rel=\"category tag\">Noticias<\/a>&nbsp;<\/div>\t\t\t\t\t\t\t\t<\/figure>\n\t\t\t\t\t\t\t\t\n\t\t\t\t\t\t\t\t\t\t<h3 class=\"tg-module-title entry-title\">\n\t\t\t<a href=\"https:\/\/periodismoinformativo.com\/?p=30786\">M\u00e9xico env\u00eda a Cuba m\u00e1s de 814 toneladas de ayuda humanitaria<\/a>\n\t\t<\/h3>\n\t\t\n\t\t<div class=\"tg-module-meta\">\n\t\t\t\n\t\t\t<span class=\"tg-post-date entry-date\">\n\t\t\t\t<a href=\"https:\/\/periodismoinformativo.com\/?p=30786\" rel=\"bookmark\"><time class=\"entry-date published updated\" datetime=\"2026-02-09T13:18:21-06:00\">9 febrero, 2026<\/time><\/a>\t\t\t<\/span>\n\n\t\t\t<span class=\"tg-post-auther-name author vcard\">\n\t\t\t\t<a class=\"url fn n\" href=\"https:\/\/periodismoinformativo.com\/?author=5\">Antonio Roman<\/a>\t\t\t<\/span>\n\n\t\t\t\t\t<\/div>\n\n\t\t\n\t\t\t\t\t\t\t<div class=\"tg-expert entry-content\">\n\t\t\t\t\t\t\t\t<p>El Gobierno de M\u00e9xico inform\u00f3 el env\u00edo de m\u00e1s de 814 toneladas de ayuda humanitaria a Cuba, como parte de<\/p>\n\t\t\t\t\t\t\t<\/div>\n\t\t\t\t\t\t<\/div>\n\t\t\t\t\t<\/div>\n\t\t\t\t\t\t\n\t\t\t\t\t\t\t\t\t<div class=\"tg-col-control\">\n\t\t\t\t\t\n\t\t\t\t\t\t\t\t\t\t\t<div class=\"tg_module_block tg_module_block--list-small\">\n\t\t\t\t\t\t\t\t\t\t\t\t\t\t\t<figure class=\"tg-module-thumb\">\n\t\t\t\t\t\t\t\t\t\t\t<a href=\"https:\/\/periodismoinformativo.com\/?p=29847\" class=\"tg-thumb-link\">\n\t\t\t<img loading=\"lazy\" decoding=\"async\" width=\"130\" height=\"90\" src=\"https:\/\/periodismoinformativo.com\/wp-content\/uploads\/2025\/07\/cable-cobre-arcihvo-pexels-26022025-130x90.jpg\" class=\"attachment-colormag-featured-post-small size-colormag-featured-post-small wp-post-image\" alt=\"\" srcset=\"https:\/\/periodismoinformativo.com\/wp-content\/uploads\/2025\/07\/cable-cobre-arcihvo-pexels-26022025-130x90.jpg 130w, https:\/\/periodismoinformativo.com\/wp-content\/uploads\/2025\/07\/cable-cobre-arcihvo-pexels-26022025-392x272.jpg 392w, https:\/\/periodismoinformativo.com\/wp-content\/uploads\/2025\/07\/cable-cobre-arcihvo-pexels-26022025-600x417.jpg 600w\" sizes=\"(max-width: 130px) 100vw, 130px\" \/>\t\t<\/a>\n\t\t\t\t\t\t\t\t\t\t<\/figure>\n\t\t\t\t\t\t\t\n\t\t\t\t\t\t\t<div class=\"tg-module-info\">\n\t\t\t\t\t\t\t\t\t\t<h3 class=\"tg-module-title entry-title\">\n\t\t\t<a href=\"https:\/\/periodismoinformativo.com\/?p=29847\">Trump anuncia arancel de 50% a cobre; contempla uno del 200% a farmac\u00e9uticas<\/a>\n\t\t<\/h3>\n\t\t\n\t\t<div class=\"tg-module-meta\">\n\t\t\t\n\t\t\t<span class=\"tg-post-date entry-date\">\n\t\t\t\t<a href=\"https:\/\/periodismoinformativo.com\/?p=29847\" rel=\"bookmark\"><time class=\"entry-date published updated\" datetime=\"2025-07-08T13:12:20-06:00\">8 julio, 2025<\/time><\/a>\t\t\t<\/span>\n\n\t\t\t<span class=\"tg-post-auther-name author vcard\">\n\t\t\t\t<a class=\"url fn n\" href=\"https:\/\/periodismoinformativo.com\/?author=5\">Antonio Roman<\/a>\t\t\t<\/span>\n\n\t\t\t\t\t<\/div>\n\n\t\t\t\t\t\t\t\t\t<\/div>\n\t\t\t\t\t\t<\/div>\n\t\t\t\t\t\t\n\t\t\t\t\t\t\t\t\t\t\t<div class=\"tg_module_block tg_module_block--list-small\">\n\t\t\t\t\t\t\t\t\t\t\t\t\t\t\t<figure class=\"tg-module-thumb\">\n\t\t\t\t\t\t\t\t\t\t\t<a href=\"https:\/\/periodismoinformativo.com\/?p=29803\" class=\"tg-thumb-link\">\n\t\t\t<img loading=\"lazy\" decoding=\"async\" width=\"130\" height=\"90\" src=\"https:\/\/periodismoinformativo.com\/wp-content\/uploads\/2025\/07\/1a70f69f382e4578e134cd759e4462f61b51d52aw-130x90.jpg\" class=\"attachment-colormag-featured-post-small size-colormag-featured-post-small wp-post-image\" alt=\"\" srcset=\"https:\/\/periodismoinformativo.com\/wp-content\/uploads\/2025\/07\/1a70f69f382e4578e134cd759e4462f61b51d52aw-130x90.jpg 130w, https:\/\/periodismoinformativo.com\/wp-content\/uploads\/2025\/07\/1a70f69f382e4578e134cd759e4462f61b51d52aw-392x272.jpg 392w, https:\/\/periodismoinformativo.com\/wp-content\/uploads\/2025\/07\/1a70f69f382e4578e134cd759e4462f61b51d52aw-600x417.jpg 600w\" sizes=\"(max-width: 130px) 100vw, 130px\" \/>\t\t<\/a>\n\t\t\t\t\t\t\t\t\t\t<\/figure>\n\t\t\t\t\t\t\t\n\t\t\t\t\t\t\t<div class=\"tg-module-info\">\n\t\t\t\t\t\t\t\t\t\t<h3 class=\"tg-module-title entry-title\">\n\t\t\t<a href=\"https:\/\/periodismoinformativo.com\/?p=29803\">&#8216;Alligator Alcatraz&#8217; | Pese a cr\u00edticas de condiciones inhumanas, llegan primeros migrantes<\/a>\n\t\t<\/h3>\n\t\t\n\t\t<div class=\"tg-module-meta\">\n\t\t\t\n\t\t\t<span class=\"tg-post-date entry-date\">\n\t\t\t\t<a href=\"https:\/\/periodismoinformativo.com\/?p=29803\" rel=\"bookmark\"><time class=\"entry-date published updated\" datetime=\"2025-07-03T11:49:02-06:00\">3 julio, 2025<\/time><\/a>\t\t\t<\/span>\n\n\t\t\t<span class=\"tg-post-auther-name author vcard\">\n\t\t\t\t<a class=\"url fn n\" href=\"https:\/\/periodismoinformativo.com\/?author=5\">Antonio Roman<\/a>\t\t\t<\/span>\n\n\t\t\t\t\t<\/div>\n\n\t\t\t\t\t\t\t\t\t<\/div>\n\t\t\t\t\t\t<\/div>\n\t\t\t\t\t\t\n\t\t\t\t\t\t\t\t\t\t\t<div class=\"tg_module_block tg_module_block--list-small\">\n\t\t\t\t\t\t\t\t\t\t\t\t\t\t\t<figure class=\"tg-module-thumb\">\n\t\t\t\t\t\t\t\t\t\t\t<a href=\"https:\/\/periodismoinformativo.com\/?p=29709\" class=\"tg-thumb-link\">\n\t\t\t<img loading=\"lazy\" decoding=\"async\" width=\"130\" height=\"90\" src=\"https:\/\/periodismoinformativo.com\/wp-content\/uploads\/2025\/06\/donald-trump-amenaza-close-rrts-150642025-130x90.jpg\" class=\"attachment-colormag-featured-post-small size-colormag-featured-post-small wp-post-image\" alt=\"\" srcset=\"https:\/\/periodismoinformativo.com\/wp-content\/uploads\/2025\/06\/donald-trump-amenaza-close-rrts-150642025-130x90.jpg 130w, https:\/\/periodismoinformativo.com\/wp-content\/uploads\/2025\/06\/donald-trump-amenaza-close-rrts-150642025-392x272.jpg 392w, https:\/\/periodismoinformativo.com\/wp-content\/uploads\/2025\/06\/donald-trump-amenaza-close-rrts-150642025-600x417.jpg 600w\" sizes=\"(max-width: 130px) 100vw, 130px\" \/>\t\t<\/a>\n\t\t\t\t\t\t\t\t\t\t<\/figure>\n\t\t\t\t\t\t\t\n\t\t\t\t\t\t\t<div class=\"tg-module-info\">\n\t\t\t\t\t\t\t\t\t\t<h3 class=\"tg-module-title entry-title\">\n\t\t\t<a href=\"https:\/\/periodismoinformativo.com\/?p=29709\">Trump pide mantener &#8220;bajos los precios del petr\u00f3leo&#8221; y no caer en &#8220;manos del enemigo&#8221;<\/a>\n\t\t<\/h3>\n\t\t\n\t\t<div class=\"tg-module-meta\">\n\t\t\t\n\t\t\t<span class=\"tg-post-date entry-date\">\n\t\t\t\t<a href=\"https:\/\/periodismoinformativo.com\/?p=29709\" rel=\"bookmark\"><time class=\"entry-date published updated\" datetime=\"2025-06-23T11:16:52-06:00\">23 junio, 2025<\/time><\/a>\t\t\t<\/span>\n\n\t\t\t<span class=\"tg-post-auther-name author vcard\">\n\t\t\t\t<a class=\"url fn n\" href=\"https:\/\/periodismoinformativo.com\/?author=5\">Antonio Roman<\/a>\t\t\t<\/span>\n\n\t\t\t\t\t<\/div>\n\n\t\t\t\t\t\t\t\t\t<\/div>\n\t\t\t\t\t\t<\/div>\n\t\t\t\t\t\t\n\t\t\t\t\t\t\t\t\t\t\t<div class=\"tg_module_block tg_module_block--list-small\">\n\t\t\t\t\t\t\t\t\t\t\t\t\t\t\t<figure class=\"tg-module-thumb\">\n\t\t\t\t\t\t\t\t\t\t\t<a href=\"https:\/\/periodismoinformativo.com\/?p=29706\" class=\"tg-thumb-link\">\n\t\t\t<img loading=\"lazy\" decoding=\"async\" width=\"130\" height=\"90\" src=\"https:\/\/periodismoinformativo.com\/wp-content\/uploads\/2025\/06\/petroleo-sube-conflicto-iran-23062025-130x90.jpg\" class=\"attachment-colormag-featured-post-small size-colormag-featured-post-small wp-post-image\" alt=\"\" srcset=\"https:\/\/periodismoinformativo.com\/wp-content\/uploads\/2025\/06\/petroleo-sube-conflicto-iran-23062025-130x90.jpg 130w, https:\/\/periodismoinformativo.com\/wp-content\/uploads\/2025\/06\/petroleo-sube-conflicto-iran-23062025-392x272.jpg 392w, https:\/\/periodismoinformativo.com\/wp-content\/uploads\/2025\/06\/petroleo-sube-conflicto-iran-23062025-600x417.jpg 600w\" sizes=\"(max-width: 130px) 100vw, 130px\" \/>\t\t<\/a>\n\t\t\t\t\t\t\t\t\t\t<\/figure>\n\t\t\t\t\t\t\t\n\t\t\t\t\t\t\t<div class=\"tg-module-info\">\n\t\t\t\t\t\t\t\t\t\t<h3 class=\"tg-module-title entry-title\">\n\t\t\t<a href=\"https:\/\/periodismoinformativo.com\/?p=29706\">El petr\u00f3leo sube y las bolsas caen por la incertidumbre en torno a Ir\u00e1n<\/a>\n\t\t<\/h3>\n\t\t\n\t\t<div class=\"tg-module-meta\">\n\t\t\t\n\t\t\t<span class=\"tg-post-date entry-date\">\n\t\t\t\t<a href=\"https:\/\/periodismoinformativo.com\/?p=29706\" rel=\"bookmark\"><time class=\"entry-date published updated\" datetime=\"2025-06-23T11:15:10-06:00\">23 junio, 2025<\/time><\/a>\t\t\t<\/span>\n\n\t\t\t<span class=\"tg-post-auther-name author vcard\">\n\t\t\t\t<a class=\"url fn n\" href=\"https:\/\/periodismoinformativo.com\/?author=5\">Antonio Roman<\/a>\t\t\t<\/span>\n\n\t\t\t\t\t<\/div>\n\n\t\t\t\t\t\t\t\t\t<\/div>\n\t\t\t\t\t\t<\/div>\n\t\t\t\t\t\t\t\t\t\t<\/div>\n\t\t\t\t\t\t\t\t<\/div>\n\t\t<\/div>\n\n\t\t\t\t\t\t<\/div>\n\t\t\t\t<\/div>\n\t\t\t\t<div class=\"elementor-element elementor-element-a75ef15 elementor-widget elementor-widget-heading\" data-id=\"a75ef15\" data-element_type=\"widget\" data-e-type=\"widget\" data-widget_type=\"heading.default\">\n\t\t\t\t<div class=\"elementor-widget-container\">\n\t\t\t\t\t<div class=\"elementor-heading-title elementor-size-default\">Comparte \u00e9sta p\u00e1gina<\/div>\t\t\t\t<\/div>\n\t\t\t\t<\/div>\n\t\t\t\t\t<\/div>\n\t\t<\/div>\n\t\t\t\t\t<\/div>\n\t\t<\/section>\n\t\t\t\t<section class=\"elementor-section elementor-top-section elementor-element elementor-element-48e8c82 elementor-section-boxed elementor-section-height-default elementor-section-height-default\" data-id=\"48e8c82\" data-element_type=\"section\" data-e-type=\"section\">\n\t\t\t\t\t\t<div class=\"elementor-container elementor-column-gap-default\">\n\t\t\t\t\t<div class=\"elementor-column elementor-col-100 elementor-top-column elementor-element elementor-element-7215400\" data-id=\"7215400\" data-element_type=\"column\" data-e-type=\"column\">\n\t\t\t<div class=\"elementor-widget-wrap elementor-element-populated\">\n\t\t\t\t\t\t<div class=\"elementor-element elementor-element-fbf8f6c elementor-widget elementor-widget-text-editor\" data-id=\"fbf8f6c\" data-element_type=\"widget\" data-e-type=\"widget\" data-widget_type=\"text-editor.default\">\n\t\t\t\t<div class=\"elementor-widget-container\">\n\t\t\t\t\t\t\t\t\t<p><div class=\"heateor_sss_sharing_container heateor_sss_horizontal_sharing\" data-heateor-ss-offset=\"0\" data-heateor-sss-href='https:\/\/periodismoinformativo.com\/index.php?rest_route=%2Fwp%2Fv2%2Fpages%2F982'><div class=\"heateor_sss_sharing_ul\"><a aria-label=\"Facebook\" class=\"heateor_sss_facebook\" href=\"https:\/\/www.facebook.com\/sharer\/sharer.php?u=https%3A%2F%2Fperiodismoinformativo.com%2Findex.php%3Frest_route%3D%252Fwp%252Fv2%252Fpages%252F982\" title=\"Facebook\" rel=\"nofollow noopener\" target=\"_blank\" style=\"font-size:32px!important;box-shadow:none;display:inline-block;vertical-align:middle\"><span class=\"heateor_sss_svg\" style=\"background-color:#0765FE;width:35px;height:35px;display:inline-block;opacity:1;float:left;font-size:32px;box-shadow:none;display:inline-block;font-size:16px;padding:0 4px;vertical-align:middle;background-repeat:repeat;overflow:hidden;padding:0;cursor:pointer;box-sizing:content-box\"><svg style=\"display:block;\" focusable=\"false\" aria-hidden=\"true\" xmlns=\"http:\/\/www.w3.org\/2000\/svg\" width=\"100%\" height=\"100%\" viewBox=\"0 0 32 32\"><path fill=\"#fff\" d=\"M28 16c0-6.627-5.373-12-12-12S4 9.373 4 16c0 5.628 3.875 10.35 9.101 11.647v-7.98h-2.474V16H13.1v-1.58c0-4.085 1.849-5.978 5.859-5.978.76 0 2.072.15 2.608.298v3.325c-.283-.03-.775-.045-1.386-.045-1.967 0-2.728.745-2.728 2.683V16h3.92l-.673 3.667h-3.247v8.245C23.395 27.195 28 22.135 28 16Z\"><\/path><\/svg><\/span><\/a><a aria-label=\"X\" class=\"heateor_sss_button_x\" href=\"https:\/\/twitter.com\/intent\/tweet?text=El%20petr%C3%B3leo%20sube%20y%20las%20bolsas%20caen%20por%20la%20incertidumbre%20en%20torno%20a%20Ir%C3%A1n&#038;url=https%3A%2F%2Fperiodismoinformativo.com%2Findex.php%3Frest_route%3D%252Fwp%252Fv2%252Fpages%252F982\" title=\"X\" rel=\"nofollow noopener\" target=\"_blank\" style=\"font-size:32px!important;box-shadow:none;display:inline-block;vertical-align:middle\"><span class=\"heateor_sss_svg heateor_sss_s__default heateor_sss_s_x\" style=\"background-color:#2a2a2a;width:35px;height:35px;display:inline-block;opacity:1;float:left;font-size:32px;box-shadow:none;display:inline-block;font-size:16px;padding:0 4px;vertical-align:middle;background-repeat:repeat;overflow:hidden;padding:0;cursor:pointer;box-sizing:content-box\"><svg width=\"100%\" height=\"100%\" style=\"display:block;\" focusable=\"false\" aria-hidden=\"true\" xmlns=\"http:\/\/www.w3.org\/2000\/svg\" viewBox=\"0 0 32 32\"><path fill=\"#fff\" d=\"M21.751 7h3.067l-6.7 7.658L26 25.078h-6.172l-4.833-6.32-5.531 6.32h-3.07l7.167-8.19L6 7h6.328l4.37 5.777L21.75 7Zm-1.076 16.242h1.7L11.404 8.74H9.58l11.094 14.503Z\"><\/path><\/svg><\/span><\/a><a aria-label=\"Reddit\" class=\"heateor_sss_button_reddit\" href=\"https:\/\/reddit.com\/submit?url=https%3A%2F%2Fperiodismoinformativo.com%2Findex.php%3Frest_route%3D%252Fwp%252Fv2%252Fpages%252F982&#038;title=El%20petr%C3%B3leo%20sube%20y%20las%20bolsas%20caen%20por%20la%20incertidumbre%20en%20torno%20a%20Ir%C3%A1n\" title=\"Reddit\" rel=\"nofollow noopener\" target=\"_blank\" style=\"font-size:32px!important;box-shadow:none;display:inline-block;vertical-align:middle\"><span class=\"heateor_sss_svg heateor_sss_s__default heateor_sss_s_reddit\" style=\"background-color:#ff5700;width:35px;height:35px;display:inline-block;opacity:1;float:left;font-size:32px;box-shadow:none;display:inline-block;font-size:16px;padding:0 4px;vertical-align:middle;background-repeat:repeat;overflow:hidden;padding:0;cursor:pointer;box-sizing:content-box\"><svg style=\"display:block;\" focusable=\"false\" aria-hidden=\"true\" xmlns=\"http:\/\/www.w3.org\/2000\/svg\" width=\"100%\" height=\"100%\" viewBox=\"-3.5 -3.5 39 39\"><path d=\"M28.543 15.774a2.953 2.953 0 0 0-2.951-2.949 2.882 2.882 0 0 0-1.9.713 14.075 14.075 0 0 0-6.85-2.044l1.38-4.349 3.768.884a2.452 2.452 0 1 0 .24-1.176l-4.274-1a.6.6 0 0 0-.709.4l-1.659 5.224a14.314 14.314 0 0 0-7.316 2.029 2.908 2.908 0 0 0-1.872-.681 2.942 2.942 0 0 0-1.618 5.4 5.109 5.109 0 0 0-.062.765c0 4.158 5.037 7.541 11.229 7.541s11.22-3.383 11.22-7.541a5.2 5.2 0 0 0-.053-.706 2.963 2.963 0 0 0 1.427-2.51zm-18.008 1.88a1.753 1.753 0 0 1 1.73-1.74 1.73 1.73 0 0 1 1.709 1.74 1.709 1.709 0 0 1-1.709 1.711 1.733 1.733 0 0 1-1.73-1.711zm9.565 4.968a5.573 5.573 0 0 1-4.081 1.272h-.032a5.576 5.576 0 0 1-4.087-1.272.6.6 0 0 1 .844-.854 4.5 4.5 0 0 0 3.238.927h.032a4.5 4.5 0 0 0 3.237-.927.6.6 0 1 1 .844.854zm-.331-3.256a1.726 1.726 0 1 1 1.709-1.712 1.717 1.717 0 0 1-1.712 1.712z\" fill=\"#fff\"\/><\/svg><\/span><\/a><a aria-label=\"Linkedin\" class=\"heateor_sss_button_linkedin\" href=\"https:\/\/www.linkedin.com\/sharing\/share-offsite\/?url=https%3A%2F%2Fperiodismoinformativo.com%2Findex.php%3Frest_route%3D%252Fwp%252Fv2%252Fpages%252F982\" title=\"Linkedin\" rel=\"nofollow noopener\" target=\"_blank\" style=\"font-size:32px!important;box-shadow:none;display:inline-block;vertical-align:middle\"><span class=\"heateor_sss_svg heateor_sss_s__default heateor_sss_s_linkedin\" style=\"background-color:#0077b5;width:35px;height:35px;display:inline-block;opacity:1;float:left;font-size:32px;box-shadow:none;display:inline-block;font-size:16px;padding:0 4px;vertical-align:middle;background-repeat:repeat;overflow:hidden;padding:0;cursor:pointer;box-sizing:content-box\"><svg style=\"display:block;\" focusable=\"false\" aria-hidden=\"true\" xmlns=\"http:\/\/www.w3.org\/2000\/svg\" width=\"100%\" height=\"100%\" viewBox=\"0 0 32 32\"><path d=\"M6.227 12.61h4.19v13.48h-4.19V12.61zm2.095-6.7a2.43 2.43 0 0 1 0 4.86c-1.344 0-2.428-1.09-2.428-2.43s1.084-2.43 2.428-2.43m4.72 6.7h4.02v1.84h.058c.56-1.058 1.927-2.176 3.965-2.176 4.238 0 5.02 2.792 5.02 6.42v7.395h-4.183v-6.56c0-1.564-.03-3.574-2.178-3.574-2.18 0-2.514 1.7-2.514 3.46v6.668h-4.187V12.61z\" fill=\"#fff\"><\/path><\/svg><\/span><\/a><a aria-label=\"Pinterest\" class=\"heateor_sss_button_pinterest\" href=\"https:\/\/periodismoinformativo.com\/index.php?rest_route=%2Fwp%2Fv2%2Fpages%2F982\" onclick=\"event.preventDefault();javascript:void( (function() {var e=document.createElement('script' );e.setAttribute('type','text\/javascript' );e.setAttribute('charset','UTF-8' );e.setAttribute('src','\/\/assets.pinterest.com\/js\/pinmarklet.js?r='+Math.random()*99999999);document.body.appendChild(e)})());\" title=\"Pinterest\" rel=\"noopener\" style=\"font-size:32px!important;box-shadow:none;display:inline-block;vertical-align:middle\"><span class=\"heateor_sss_svg heateor_sss_s__default heateor_sss_s_pinterest\" style=\"background-color:#cc2329;width:35px;height:35px;display:inline-block;opacity:1;float:left;font-size:32px;box-shadow:none;display:inline-block;font-size:16px;padding:0 4px;vertical-align:middle;background-repeat:repeat;overflow:hidden;padding:0;cursor:pointer;box-sizing:content-box\"><svg style=\"display:block;\" focusable=\"false\" aria-hidden=\"true\" xmlns=\"http:\/\/www.w3.org\/2000\/svg\" width=\"100%\" height=\"100%\" viewBox=\"-2 -2 35 35\"><path fill=\"#fff\" d=\"M16.539 4.5c-6.277 0-9.442 4.5-9.442 8.253 0 2.272.86 4.293 2.705 5.046.303.125.574.005.662-.33.061-.231.205-.816.27-1.06.088-.331.053-.447-.191-.736-.532-.627-.873-1.439-.873-2.591 0-3.338 2.498-6.327 6.505-6.327 3.548 0 5.497 2.168 5.497 5.062 0 3.81-1.686 7.025-4.188 7.025-1.382 0-2.416-1.142-2.085-2.545.397-1.674 1.166-3.48 1.166-4.689 0-1.081-.581-1.983-1.782-1.983-1.413 0-2.548 1.462-2.548 3.419 0 1.247.421 2.091.421 2.091l-1.699 7.199c-.505 2.137-.076 4.755-.039 5.019.021.158.223.196.314.077.13-.17 1.813-2.247 2.384-4.324.162-.587.929-3.631.929-3.631.46.876 1.801 1.646 3.227 1.646 4.247 0 7.128-3.871 7.128-9.053.003-3.918-3.317-7.568-8.361-7.568z\"\/><\/svg><\/span><\/a><a aria-label=\"Mastodon\" class=\"heateor_sss_button_mastodon\" href=\"https:\/\/mastodon.social\/share?text=https%3A%2F%2Fperiodismoinformativo.com%2Findex.php%3Frest_route%3D%252Fwp%252Fv2%252Fpages%252F982&#038;title=El%20petr%C3%B3leo%20sube%20y%20las%20bolsas%20caen%20por%20la%20incertidumbre%20en%20torno%20a%20Ir%C3%A1n\" title=\"Mastodon\" rel=\"nofollow noopener\" target=\"_blank\" style=\"font-size:32px!important;box-shadow:none;display:inline-block;vertical-align:middle\"><span class=\"heateor_sss_svg heateor_sss_s__default heateor_sss_s_mastodon\" style=\"background-color:#6364FF;width:35px;height:35px;display:inline-block;opacity:1;float:left;font-size:32px;box-shadow:none;display:inline-block;font-size:16px;padding:0 4px;vertical-align:middle;background-repeat:repeat;overflow:hidden;padding:0;cursor:pointer;box-sizing:content-box\"><svg style=\"display:block;\" focusable=\"false\" aria-hidden=\"true\" xmlns=\"http:\/\/www.w3.org\/2000\/svg\" width=\"100%\" height=\"100%\" viewBox=\"-3.5 -3.5 39 39\"><path d=\"M27 12c0-5.12-3.35-6.62-3.35-6.62C22 4.56 19.05 4.23 16 4.21c-3 0-5.92.35-7.61 1.12C8.36 5.33 5 6.83 5 12v4c.12 5 .92 9.93 5.54 11.16a17.67 17.67 0 005.44.6 10.88 10.88 0 004.18-.95l-.09-1.95a13.36 13.36 0 01-4.07.54c-2.12-.07-4.37-.23-4.71-2.84a5.58 5.58 0 01-.05-.73 27.46 27.46 0 004.73.63 26.76 26.76 0 004.68-.28c3-.35 5.53-2.17 5.85-3.83A39.25 39.25 0 0027 12zm-3.95 6.59h-2.46v-6c0-1.27-.53-1.91-1.6-1.91s-1.77.76-1.77 2.27v3.29h-2.44v-3.35c0-1.51-.59-2.27-1.77-2.27s-1.6.64-1.6 1.91v6H9v-6.18a4.49 4.49 0 011-3 3.39 3.39 0 012.63-1.12 3.17 3.17 0 012.84 1.44l.61 1 .61-1a3.17 3.17 0 012.84-1.44 3.39 3.39 0 012.63 1.12 4.49 4.49 0 011 3z\" fill=\"#fff\"><\/path><\/svg><\/span><\/a><a aria-label=\"Mix\" class=\"heateor_sss_button_mix\" href=\"https:\/\/mix.com\/mixit?url=https%3A%2F%2Fperiodismoinformativo.com%2Findex.php%3Frest_route%3D%252Fwp%252Fv2%252Fpages%252F982\" title=\"Mix\" rel=\"nofollow noopener\" target=\"_blank\" style=\"font-size:32px!important;box-shadow:none;display:inline-block;vertical-align:middle\"><span class=\"heateor_sss_svg heateor_sss_s__default heateor_sss_s_mix\" style=\"background-color:#ff8226;width:35px;height:35px;display:inline-block;opacity:1;float:left;font-size:32px;box-shadow:none;display:inline-block;font-size:16px;padding:0 4px;vertical-align:middle;background-repeat:repeat;overflow:hidden;padding:0;cursor:pointer;box-sizing:content-box\"><svg focusable=\"false\" aria-hidden=\"true\" xmlns=\"http:\/\/www.w3.org\/2000\/svg\" width=\"100%\" height=\"100%\" viewBox=\"-7 -8 45 45\"><g fill=\"#fff\"><path opacity=\".8\" d=\"M27.87 4.125c-5.224 0-9.467 4.159-9.467 9.291v2.89c0-1.306 1.074-2.362 2.399-2.362s2.399 1.056 2.399 2.362v1.204c0 1.306 1.074 2.362 2.399 2.362s2.399-1.056 2.399-2.362V4.134c-.036-.009-.082-.009-.129-.009\"\/><path d=\"M4 4.125v12.94c2.566 0 4.668-1.973 4.807-4.465v-2.214c0-.065 0-.12.009-.176.093-1.213 1.13-2.177 2.39-2.177 1.325 0 2.399 1.056 2.399 2.362v9.226c0 1.306 1.074 2.353 2.399 2.353s2.399-1.056 2.399-2.353v-6.206c0-5.132 4.233-9.291 9.467-9.291H4z\"\/><path opacity=\".8\" d=\"M4 17.074v8.438c0 1.306 1.074 2.362 2.399 2.362s2.399-1.056 2.399-2.362V12.61C8.659 15.102 6.566 17.074 4 17.074\"\/><\/g><\/svg><\/span><\/a><a aria-label=\"Whatsapp\" class=\"heateor_sss_whatsapp\" href=\"https:\/\/api.whatsapp.com\/send?text=El%20petr%C3%B3leo%20sube%20y%20las%20bolsas%20caen%20por%20la%20incertidumbre%20en%20torno%20a%20Ir%C3%A1n%20https%3A%2F%2Fperiodismoinformativo.com%2Findex.php%3Frest_route%3D%252Fwp%252Fv2%252Fpages%252F982\" title=\"Whatsapp\" rel=\"nofollow noopener\" target=\"_blank\" style=\"font-size:32px!important;box-shadow:none;display:inline-block;vertical-align:middle\"><span class=\"heateor_sss_svg\" style=\"background-color:#55eb4c;width:35px;height:35px;display:inline-block;opacity:1;float:left;font-size:32px;box-shadow:none;display:inline-block;font-size:16px;padding:0 4px;vertical-align:middle;background-repeat:repeat;overflow:hidden;padding:0;cursor:pointer;box-sizing:content-box\"><svg style=\"display:block;\" focusable=\"false\" aria-hidden=\"true\" xmlns=\"http:\/\/www.w3.org\/2000\/svg\" width=\"100%\" height=\"100%\" viewBox=\"-6 -5 40 40\"><path class=\"heateor_sss_svg_stroke heateor_sss_no_fill\" stroke=\"#fff\" stroke-width=\"2\" fill=\"none\" d=\"M 11.579798566743314 24.396926207859085 A 10 10 0 1 0 6.808479557110079 20.73576436351046\"><\/path><path d=\"M 7 19 l -1 6 l 6 -1\" class=\"heateor_sss_no_fill heateor_sss_svg_stroke\" stroke=\"#fff\" stroke-width=\"2\" fill=\"none\"><\/path><path d=\"M 10 10 q -1 8 8 11 c 5 -1 0 -6 -1 -3 q -4 -3 -5 -5 c 4 -2 -1 -5 -1 -4\" fill=\"#fff\"><\/path><\/svg><\/span><\/a><a class=\"heateor_sss_more\" aria-label=\"More\" title=\"More\" rel=\"nofollow noopener\" style=\"font-size: 32px!important;border:0;box-shadow:none;display:inline-block!important;font-size:16px;padding:0 4px;vertical-align: middle;display:inline;\" href=\"https:\/\/periodismoinformativo.com\/index.php?rest_route=%2Fwp%2Fv2%2Fpages%2F982\" onclick=\"event.preventDefault()\"><span class=\"heateor_sss_svg\" style=\"background-color:#ee8e2d;width:35px;height:35px;display:inline-block!important;opacity:1;float:left;font-size:32px!important;box-shadow:none;display:inline-block;font-size:16px;padding:0 4px;vertical-align:middle;display:inline;background-repeat:repeat;overflow:hidden;padding:0;cursor:pointer;box-sizing:content-box;\" onclick=\"heateorSssMoreSharingPopup(this, 'https:\/\/periodismoinformativo.com\/index.php?rest_route=%2Fwp%2Fv2%2Fpages%2F982', 'El%20petr%C3%B3leo%20sube%20y%20las%20bolsas%20caen%20por%20la%20incertidumbre%20en%20torno%20a%20Ir%C3%A1n', '' )\"><svg xmlns=\"http:\/\/www.w3.org\/2000\/svg\" xmlns:xlink=\"http:\/\/www.w3.org\/1999\/xlink\" viewBox=\"-.3 0 32 32\" version=\"1.1\" width=\"100%\" height=\"100%\" style=\"display:block;\" xml:space=\"preserve\"><g><path fill=\"#fff\" d=\"M18 14V8h-4v6H8v4h6v6h4v-6h6v-4h-6z\" fill-rule=\"evenodd\"><\/path><\/g><\/svg><\/span><\/a><\/div><div class=\"heateorSssClear\"><\/div><\/div><\/p>\t\t\t\t\t\t\t\t<\/div>\n\t\t\t\t<\/div>\n\t\t\t\t\t<\/div>\n\t\t<\/div>\n\t\t\t\t\t<\/div>\n\t\t<\/section>\n\t\t\t\t<\/div>\n\t\t","protected":false},"excerpt":{"rendered":"<p>LOCALES Locales&nbsp; SE FILTRA PARTE DEL ELENCO QUE CONFORMAR\u00c1 EL TEATRO DEL PUEBLO 9 noviembre, 2023 Antonio Roman Antonio Rom\u00e1n<\/p>\n","protected":false},"author":5,"featured_media":0,"parent":0,"menu_order":0,"comment_status":"closed","ping_status":"closed","template":"","meta":{"footnotes":""},"class_list":["post-982","page","type-page","status-publish","hentry"],"_links":{"self":[{"href":"https:\/\/periodismoinformativo.com\/index.php?rest_route=\/wp\/v2\/pages\/982","targetHints":{"allow":["GET"]}}],"collection":[{"href":"https:\/\/periodismoinformativo.com\/index.php?rest_route=\/wp\/v2\/pages"}],"about":[{"href":"https:\/\/periodismoinformativo.com\/index.php?rest_route=\/wp\/v2\/types\/page"}],"author":[{"embeddable":true,"href":"https:\/\/periodismoinformativo.com\/index.php?rest_route=\/wp\/v2\/users\/5"}],"replies":[{"embeddable":true,"href":"https:\/\/periodismoinformativo.com\/index.php?rest_route=%2Fwp%2Fv2%2Fcomments&post=982"}],"version-history":[{"count":0,"href":"https:\/\/periodismoinformativo.com\/index.php?rest_route=\/wp\/v2\/pages\/982\/revisions"}],"wp:attachment":[{"href":"https:\/\/periodismoinformativo.com\/index.php?rest_route=%2Fwp%2Fv2%2Fmedia&parent=982"}],"curies":[{"name":"wp","href":"https:\/\/api.w.org\/{rel}","templated":true}]}}